{"version":"1.0","provider_name":"Forever C9 blog","provider_url":"https:\/\/clean9.cafeblog.hu","author_name":"Regina Szab\u00f3","author_url":"https:\/\/clean9.cafeblog.hu\/author\/regiszabogmail-com\/","title":"P\u00e1ros Forever C9 program - harmadik napja","html":"<p>Juhuh\u00fa, m\u00e1r a 3. napn\u00e1l j\u00e1runk! :-)<\/p>\r\n<p>&nbsp;<\/p>\r\n<p>A 3. nap reggel\u00e9n m\u00e9rni kell, teh\u00e1t m\u00e9rt\u00fcnk. :-) Most \u00edgy \u00e1llunk, de tudjuk, hogy ez m\u00e9g k\u00e9pl\u00e9keny:<\/p>\r\n<table border=\"1\" cellspacing=\"0\" cellpadding=\"3\">\r\n<tbody>\r\n<tr>\r\n<td>\u00a0<\/td>\r\n<td style=\"text-align: center\">Regi 1. nap<\/td>\r\n<td style=\"text-align: center\">Regi 3. nap<\/td>\r\n<td style=\"text-align: center\">Zoli 1. nap<\/td>\r\n<td style=\"text-align: center\">Zoli 3. nap<\/td>\r\n<\/tr>\r\n<tr>\r\n<td>mell<\/td>\r\n<td style=\"text-align: center\">99<\/td>\r\n<td style=\"text-align: center\">99<\/td>\r\n<td style=\"text-align: center\">103<\/td>\r\n<td style=\"text-align: center\">103<\/td>\r\n<\/tr>\r\n<tr>\r\n<td>bicepsz<\/td>\r\n<td style=\"text-align: center\">29<\/td>\r\n<td style=\"text-align: center\">29<\/td>\r\n<td style=\"text-align: center\">37<\/td>\r\n<td style=\"text-align: center\">37<\/td>\r\n<\/tr>\r\n<tr>\r\n<td>der\u00e9k<\/td>\r\n<td style=\"text-align: center\">91<\/td>\r\n<td style=\"text-align: center\">89<\/td>\r\n<td style=\"text-align: center\">102<\/td>\r\n<td style=\"text-align: center\">100<\/td>\r\n<\/tr>\r\n<tr>\r\n<td>cs\u00edp\u0151<\/td>\r\n<td style=\"text-align: center\">98<\/td>\r\n<td style=\"text-align: center\">97<\/td>\r\n<td style=\"text-align: center\">104<\/td>\r\n<td style=\"text-align: center\">104<\/td>\r\n<\/tr>\r\n<tr>\r\n<td>comb<\/td>\r\n<td style=\"text-align: center\">56<\/td>\r\n<td style=\"text-align: center\">56<\/td>\r\n<td style=\"text-align: center\">66<\/td>\r\n<td style=\"text-align: center\">66<\/td>\r\n<\/tr>\r\n<tr>\r\n<td>v\u00e1dli<\/td>\r\n<td style=\"text-align: center\">35<\/td>\r\n<td style=\"text-align: center\">35<\/td>\r\n<td style=\"text-align: center\">38<\/td>\r\n<td style=\"text-align: center\">38<\/td>\r\n<\/tr>\r\n<tr>\r\n<td>s\u00faly<\/td>\r\n<td style=\"text-align: center\">65<\/td>\r\n<td style=\"text-align: center\">63,2<\/td>\r\n<td style=\"text-align: center\">85,5<\/td>\r\n<td style=\"text-align: center\">83,5<\/td>\r\n<\/tr>\r\n<\/tbody>\r\n<\/table>\r\n<p>&nbsp;<\/p>\r\n<p>Reggel futottam egy j\u00f3t a kiss\u00e9 m\u00e1r h\u0171v\u00f6sk\u00e9s id\u0151ben. Viszont nagyon j\u00f3l esett, \u00e9s rem\u00e9lem, hogy sok\u00e1ig kitart a j\u00f3id\u0151 \u00e9s sokat futhatok m\u00e9g a szabadban! Ma eg\u00e9sz nap nem voltam \u00e9hes, d\u00e9lut\u00e1n k\u00edv\u00e1ntam valami \u00edzt, ez\u00e9rt ettem egy alm\u00e1t.<\/p>\r\n<p>Tudtuk, hogy ma este m\u00e1r j\u00f3l fog esni a vacsi, ez\u00e9rt tegnap el\u0151re bep\u00e1coltam a csirkecombokat \u00e9s mindent el\u0151k\u00e9sz\u00edtettem, hogy ma hamarabb elk\u00e9sz\u00fclj\u00f6n! :-)<\/p>\r\n<p>Ez lett az els\u0151 vacsink, nagyon j\u00f3\u00edz\u0171en fogyasztottuk:<\/p>\r\n<p><a href=\"https:\/\/clean9.cafeblog.hu\/files\/2015\/09\/IMG_20150909_201533.jpg\"><img class=\" size-large wp-image-75 aligncenter\" src=\"https:\/\/clean9.cafeblog.hu\/files\/2015\/09\/IMG_20150909_201533-600x445.jpg\" alt=\"Clean 9 3. nap, vacsora\" width=\"600\" height=\"445\" \/><\/a><\/p>\r\n<p>&nbsp;<\/p>\r\n<p>&nbsp;<\/p>\r\n<p>\u00c9s akkor pasi szemmel:<\/p>\r\n<p>\"Az edz\u00e9s sim\u00e1n ment, pedig tartottam kicsit t\u0151le, hogy k\u00e9t nap nem szokv\u00e1nyos \u00e9tkez\u00e9s ut\u00e1n gyenge leszek. Nem \u00edgy lett, sim\u00e1n b\u00edrtam. A harmadik napt\u00f3l ugye m\u00e1r reggelire is van shake, ez kifejezetten j\u00f3l j\u00f6tt edz\u00e9s ut\u00e1n.<br \/>D\u00e9lben m\u00e1r \u00e9hes voltam - mondjuk d\u00e9lben am\u00fagy is \u00e9hes az ember - viszont a shake sim\u00e1n el\u00e9g volt. Na j\u00f3 ut\u00e1na ettem m\u00e9g egy alm\u00e1t.<br \/>Megbesz\u00e9l\u00e9s k\u00f6zben a t\u00f6bbiek ropit r\u00e1gcs\u00e1ltak az irod\u00e1ban. Azon kaptam magam, hogy reflexb\u0151l ny\u00faln\u00e9k \u00e9rte, azt\u00e1n eszm\u00e9lek, hogy ez most kimarad. Ink\u00e1bb m\u00e9g egy alma :)<br \/>Este v\u00e9gre igazi vacsi (l\u00e1sd k\u00e9p). Fincsi.\"<\/p>\r\n<p>&nbsp;<\/p>\r\n<h3 style=\"text-align: right\"><em>Kedvet kapt\u00e1l a C9 FIT \u00e9letm\u00f3dprogramhoz?<br \/>Keress meg <a href=\"https:\/\/www.facebook.com\/regina.szabo.forever\">Facebook<\/a>-on , nagyon sz\u00edvesen seg\u00edtek!<br \/><\/em><em>A Forever C9 Program r\u00e9szletes le\u00edr\u00e1s\u00e1t <a href=\"http:\/\/fitprogramokregivel.hu\/forever-c9-program-leirasa\/\">ITT<\/a> tal\u00e1lod.<\/em><\/h3>\r\n<h3><em> <a href=\"https:\/\/www.facebook.com\/regina.szabo.forever\"><img class=\"alignnone size-full wp-image-245 alignright\" src=\"https:\/\/clean9.cafeblog.hu\/files\/2016\/11\/forever-clean-9-szabo-regina-c9-fit-mentor-2.png\" alt=\"Forever Clean 9 - Szab\u00f3 Regina C9 FIT Mentor\" \/><\/a> <\/em><\/h3>","type":"rich"}